

{"version":"1.0","provider_name":"Gestions hospitali\u00e8res","provider_url":"https:\/\/www.ricom-web8.com\/gestions","author_name":"yann Le Sager","author_url":"https:\/\/www.ricom-web8.com\/gestions\/author\/lesager-yannstudioricom-com\/","title":"R\u00e9guler la sant\u00e9 - Gestions hospitali\u00e8res","type":"rich","width":600,"height":338,"html":"<blockquote class=\"wp-embedded-content\" data-secret=\"ibt0Ie8uaz\"><a href=\"https:\/\/www.ricom-web8.com\/gestions\/reguler-la-sante\/\">R\u00e9guler la sant\u00e9<\/a><\/blockquote><iframe sandbox=\"allow-scripts\" security=\"restricted\" src=\"https:\/\/www.ricom-web8.com\/gestions\/reguler-la-sante\/embed\/#?secret=ibt0Ie8uaz\" width=\"600\" height=\"338\" title=\"\u00ab\u00a0R\u00e9guler la sant\u00e9\u00a0\u00bb &#8212; Gestions hospitali\u00e8res\" data-secret=\"ibt0Ie8uaz\" frameborder=\"0\" marginwidth=\"0\" marginheight=\"0\" scrolling=\"no\" class=\"wp-embedded-content\"><\/iframe><script type=\"text\/javascript\">\n\/* <![CDATA[ *\/\n\/*! This file is auto-generated *\/\n!function(d,l){\"use strict\";l.querySelector&&d.addEventListener&&\"undefined\"!=typeof URL&&(d.wp=d.wp||{},d.wp.receiveEmbedMessage||(d.wp.receiveEmbedMessage=function(e){var t=e.data;if((t||t.secret||t.message||t.value)&&!\/[^a-zA-Z0-9]\/.test(t.secret)){for(var s,r,n,a=l.querySelectorAll('iframe[data-secret=\"'+t.secret+'\"]'),o=l.querySelectorAll('blockquote[data-secret=\"'+t.secret+'\"]'),c=new RegExp(\"^https?:$\",\"i\"),i=0;i<o.length;i++)o[i].style.display=\"none\";for(i=0;i<a.length;i++)s=a[i],e.source===s.contentWindow&&(s.removeAttribute(\"style\"),\"height\"===t.message?(1e3<(r=parseInt(t.value,10))?r=1e3:~~r<200&&(r=200),s.height=r):\"link\"===t.message&&(r=new URL(s.getAttribute(\"src\")),n=new URL(t.value),c.test(n.protocol))&&n.host===r.host&&l.activeElement===s&&(d.top.location.href=t.value))}},d.addEventListener(\"message\",d.wp.receiveEmbedMessage,!1),l.addEventListener(\"DOMContentLoaded\",function(){for(var e,t,s=l.querySelectorAll(\"iframe.wp-embedded-content\"),r=0;r<s.length;r++)(t=(e=s[r]).getAttribute(\"data-secret\"))||(t=Math.random().toString(36).substring(2,12),e.src+=\"#?secret=\"+t,e.setAttribute(\"data-secret\",t)),e.contentWindow.postMessage({message:\"ready\",secret:t},\"*\")},!1)))}(window,document);\n\/* ]]> *\/\n<\/script>\n","description":"Alain Lopez vient de publier une synth\u00e8se de notre syst\u00e8me de sant\u00e9 mais aussi des dynamiques de progr\u00e8s. Il ne se contente pas de d\u00e9crire les moyens de r\u00e9gulation\u2009: il en explicite de fa\u00e7on tr\u00e8s vivante et \u00e9clairante les soubassements id\u00e9ologiques, les choix possibles ainsi que les limites. Une pr\u00e9sentation de cette nature n\u2019\u00e9tait pas accessible jusqu\u2019\u00e0 maintenant, m\u00eame sous la forme d\u2019un ouvrage collectif. Elle a, sans aucun doute, b\u00e9n\u00e9fici\u00e9 largement du parcours de son auteur\u2009\u2009: psychiatre \u2013 il a maintenu de fa\u00e7on quasi constante une activit\u00e9 clinique \u2013 et m\u00e9decin de sant\u00e9 publique, ayant exerc\u00e9 des fonctions de direction des services d\u00e9concentr\u00e9s du minist\u00e8re charg\u00e9 des Affaires sociales et de la Sant\u00e9 (m\u00e9decin inspecteur r\u00e9gional \u00e0 la Drass Rh\u00f4ne-Alpes et directeur de la Drass Auvergne), Alain Lopez a \u00e9t\u00e9 notamment membre de la \u00ab\u202fmission Ritter\u202f\u00bb sur la cr\u00e9ation des agences r\u00e9gionales de sant\u00e9 puis a largement contribu\u00e9, au sein du secr\u00e9tariat g\u00e9n\u00e9ral des minist\u00e8res sociaux, \u00e0 l\u2019\u00e9laboration de la loi du 23\u00a0juillet 2009 qui a r\u00e9form\u00e9 l\u2019organisation du syst\u00e8me de sant\u00e9. Il est actuellement inspecteur g\u00e9n\u00e9ral des affaires sociales.","thumbnail_url":"https:\/\/gestions-hospitalieres.fr\/wp-content\/uploads\/2016\/09\/Ill_2014_289_01.png"}