

{"version":"1.0","provider_name":"Gestions hospitali\u00e8res","provider_url":"https:\/\/www.ricom-web8.com\/gestions","author_name":"Gestions hospitali\u00e8res","author_url":"https:\/\/www.ricom-web8.com\/gestions\/author\/benjamin\/","title":"R\u00e9habilitation psychosociale - Gestions hospitali\u00e8res","type":"rich","width":600,"height":338,"html":"<blockquote class=\"wp-embedded-content\" data-secret=\"DAmhd4gM88\"><a href=\"https:\/\/www.ricom-web8.com\/gestions\/rehabilitation-psychosociale\/\">R\u00e9habilitation psychosociale<\/a><\/blockquote><iframe sandbox=\"allow-scripts\" security=\"restricted\" src=\"https:\/\/www.ricom-web8.com\/gestions\/rehabilitation-psychosociale\/embed\/#?secret=DAmhd4gM88\" width=\"600\" height=\"338\" title=\"\u00ab\u00a0R\u00e9habilitation psychosociale\u00a0\u00bb &#8212; Gestions hospitali\u00e8res\" data-secret=\"DAmhd4gM88\" frameborder=\"0\" marginwidth=\"0\" marginheight=\"0\" scrolling=\"no\" class=\"wp-embedded-content\"><\/iframe><script type=\"text\/javascript\">\n\/* <![CDATA[ *\/\n\/*! This file is auto-generated *\/\n!function(d,l){\"use strict\";l.querySelector&&d.addEventListener&&\"undefined\"!=typeof URL&&(d.wp=d.wp||{},d.wp.receiveEmbedMessage||(d.wp.receiveEmbedMessage=function(e){var t=e.data;if((t||t.secret||t.message||t.value)&&!\/[^a-zA-Z0-9]\/.test(t.secret)){for(var s,r,n,a=l.querySelectorAll('iframe[data-secret=\"'+t.secret+'\"]'),o=l.querySelectorAll('blockquote[data-secret=\"'+t.secret+'\"]'),c=new RegExp(\"^https?:$\",\"i\"),i=0;i<o.length;i++)o[i].style.display=\"none\";for(i=0;i<a.length;i++)s=a[i],e.source===s.contentWindow&&(s.removeAttribute(\"style\"),\"height\"===t.message?(1e3<(r=parseInt(t.value,10))?r=1e3:~~r<200&&(r=200),s.height=r):\"link\"===t.message&&(r=new URL(s.getAttribute(\"src\")),n=new URL(t.value),c.test(n.protocol))&&n.host===r.host&&l.activeElement===s&&(d.top.location.href=t.value))}},d.addEventListener(\"message\",d.wp.receiveEmbedMessage,!1),l.addEventListener(\"DOMContentLoaded\",function(){for(var e,t,s=l.querySelectorAll(\"iframe.wp-embedded-content\"),r=0;r<s.length;r++)(t=(e=s[r]).getAttribute(\"data-secret\"))||(t=Math.random().toString(36).substring(2,12),e.src+=\"#?secret=\"+t,e.setAttribute(\"data-secret\",t)),e.contentWindow.postMessage({message:\"ready\",secret:t},\"*\")},!1)))}(window,document);\n\/* ]]> *\/\n<\/script>\n","description":"Les troubles mentaux s\u00e9v\u00e8res, dont la schizophr\u00e9nie, touchent 3 \u00e0 4\u2009% de la population\u2009(1). Leurs cons\u00e9quences \u00e9conomiques sont directes (co\u00fbt du traitement) et indirectes (r\u00e9duction de la capacit\u00e9 \u00e0 travailler et recours aux aides sociales)\u2009(2), \u00e0 l\u2019origine d\u2019un lourd fardeau pour les personnes concern\u00e9es, leurs proches et toute la soci\u00e9t\u00e9. Favoriser le r\u00e9tablissement La recherche et le maintien d\u2019une r\u00e9mission symptomatique ne sont pas des objectifs suffisants en sant\u00e9 mentale.&hellip;"}