

{"version":"1.0","provider_name":"Gestions hospitali\u00e8res","provider_url":"https:\/\/www.ricom-web8.com\/gestions","author_name":"Gestions hospitali\u00e8res","author_url":"https:\/\/www.ricom-web8.com\/gestions\/author\/benjamin\/","title":"Repenser l\u2019investissement dans un cadre financier restreint - Gestions hospitali\u00e8res","type":"rich","width":600,"height":338,"html":"<blockquote class=\"wp-embedded-content\" data-secret=\"GSgCCOWgsR\"><a href=\"https:\/\/www.ricom-web8.com\/gestions\/repenser-linvestissement-cadre-financier-restreint\/\">Repenser l\u2019investissement dans un cadre financier restreint<\/a><\/blockquote><iframe sandbox=\"allow-scripts\" security=\"restricted\" src=\"https:\/\/www.ricom-web8.com\/gestions\/repenser-linvestissement-cadre-financier-restreint\/embed\/#?secret=GSgCCOWgsR\" width=\"600\" height=\"338\" title=\"\u00ab\u00a0Repenser l\u2019investissement dans un cadre financier restreint\u00a0\u00bb &#8212; Gestions hospitali\u00e8res\" data-secret=\"GSgCCOWgsR\" frameborder=\"0\" marginwidth=\"0\" marginheight=\"0\" scrolling=\"no\" class=\"wp-embedded-content\"><\/iframe><script type=\"text\/javascript\">\n\/* <![CDATA[ *\/\n\/*! This file is auto-generated *\/\n!function(d,l){\"use strict\";l.querySelector&&d.addEventListener&&\"undefined\"!=typeof URL&&(d.wp=d.wp||{},d.wp.receiveEmbedMessage||(d.wp.receiveEmbedMessage=function(e){var t=e.data;if((t||t.secret||t.message||t.value)&&!\/[^a-zA-Z0-9]\/.test(t.secret)){for(var s,r,n,a=l.querySelectorAll('iframe[data-secret=\"'+t.secret+'\"]'),o=l.querySelectorAll('blockquote[data-secret=\"'+t.secret+'\"]'),c=new RegExp(\"^https?:$\",\"i\"),i=0;i<o.length;i++)o[i].style.display=\"none\";for(i=0;i<a.length;i++)s=a[i],e.source===s.contentWindow&&(s.removeAttribute(\"style\"),\"height\"===t.message?(1e3<(r=parseInt(t.value,10))?r=1e3:~~r<200&&(r=200),s.height=r):\"link\"===t.message&&(r=new URL(s.getAttribute(\"src\")),n=new URL(t.value),c.test(n.protocol))&&n.host===r.host&&l.activeElement===s&&(d.top.location.href=t.value))}},d.addEventListener(\"message\",d.wp.receiveEmbedMessage,!1),l.addEventListener(\"DOMContentLoaded\",function(){for(var e,t,s=l.querySelectorAll(\"iframe.wp-embedded-content\"),r=0;r<s.length;r++)(t=(e=s[r]).getAttribute(\"data-secret\"))||(t=Math.random().toString(36).substring(2,12),e.src+=\"#?secret=\"+t,e.setAttribute(\"data-secret\",t)),e.contentWindow.postMessage({message:\"ready\",secret:t},\"*\")},!1)))}(window,document);\n\/* ]]> *\/\n<\/script>\n","description":"Table ronde anim\u00e9e par Olivier de Lagarde avec Martine Aoustin, Christian Berehouc, \u00c9ric Blanchet, Alain Clot, Jean-Michel Audet, Dominique Lebrun, G\u00e9rard Vincent &nbsp; Olivier de Lagarde G\u00e9rard Vincent, cela est dit et r\u00e9p\u00e9t\u00e9, le cadre financier est contraint. Comment faire pour que tout cela ne se fasse pas au d\u00e9triment de l\u2019investissement des \u00e9tablissements ? G\u00e9rard Vincent Et peut-\u00eatre avant tout au d\u00e9triment de la qualit\u00e9 des soins qui est&hellip;"}