

{"version":"1.0","provider_name":"Gestions hospitali\u00e8res","provider_url":"https:\/\/www.ricom-web8.com\/gestions","author_name":"yann Le Sager","author_url":"https:\/\/www.ricom-web8.com\/gestions\/author\/lesager-yannstudioricom-com\/","title":"Restructurations et accompagnements sociaux - Gestions hospitali\u00e8res","type":"rich","width":600,"height":338,"html":"<blockquote class=\"wp-embedded-content\" data-secret=\"NmrDMf65AD\"><a href=\"https:\/\/www.ricom-web8.com\/gestions\/restructurations-et-accompagnements-sociaux\/\">Restructurations et accompagnements sociaux<\/a><\/blockquote><iframe sandbox=\"allow-scripts\" security=\"restricted\" src=\"https:\/\/www.ricom-web8.com\/gestions\/restructurations-et-accompagnements-sociaux\/embed\/#?secret=NmrDMf65AD\" width=\"600\" height=\"338\" title=\"\u00ab\u00a0Restructurations et accompagnements sociaux\u00a0\u00bb &#8212; Gestions hospitali\u00e8res\" data-secret=\"NmrDMf65AD\" frameborder=\"0\" marginwidth=\"0\" marginheight=\"0\" scrolling=\"no\" class=\"wp-embedded-content\"><\/iframe><script type=\"text\/javascript\">\n\/* <![CDATA[ *\/\n\/*! This file is auto-generated *\/\n!function(d,l){\"use strict\";l.querySelector&&d.addEventListener&&\"undefined\"!=typeof URL&&(d.wp=d.wp||{},d.wp.receiveEmbedMessage||(d.wp.receiveEmbedMessage=function(e){var t=e.data;if((t||t.secret||t.message||t.value)&&!\/[^a-zA-Z0-9]\/.test(t.secret)){for(var s,r,n,a=l.querySelectorAll('iframe[data-secret=\"'+t.secret+'\"]'),o=l.querySelectorAll('blockquote[data-secret=\"'+t.secret+'\"]'),c=new RegExp(\"^https?:$\",\"i\"),i=0;i<o.length;i++)o[i].style.display=\"none\";for(i=0;i<a.length;i++)s=a[i],e.source===s.contentWindow&&(s.removeAttribute(\"style\"),\"height\"===t.message?(1e3<(r=parseInt(t.value,10))?r=1e3:~~r<200&&(r=200),s.height=r):\"link\"===t.message&&(r=new URL(s.getAttribute(\"src\")),n=new URL(t.value),c.test(n.protocol))&&n.host===r.host&&l.activeElement===s&&(d.top.location.href=t.value))}},d.addEventListener(\"message\",d.wp.receiveEmbedMessage,!1),l.addEventListener(\"DOMContentLoaded\",function(){for(var e,t,s=l.querySelectorAll(\"iframe.wp-embedded-content\"),r=0;r<s.length;r++)(t=(e=s[r]).getAttribute(\"data-secret\"))||(t=Math.random().toString(36).substring(2,12),e.src+=\"#?secret=\"+t,e.setAttribute(\"data-secret\",t)),e.contentWindow.postMessage({message:\"ready\",secret:t},\"*\")},!1)))}(window,document);\n\/* ]]> *\/\n<\/script>\n","description":"\u00c0 la fin des ann\u00e9es 1990, dans le cadre du mouvement national de r\u00e9organisation et restructuration de la fonction publique hospitali\u00e8re, les Hospices civils de Lyon se r\u00e9organisent en groupements hospitaliers et en p\u00f4les d\u2019activit\u00e9 m\u00e9dicale, des restructurations qui ont entra\u00een\u00e9 la fermeture d\u2019\u00e9tablissements, de services et le transfert d\u2019activit\u00e9s. Des conseillers aux conditions de travail ont \u00e9t\u00e9 d\u00e9sign\u00e9s pour accompagner les personnels dans ces changements, aider \u00e0 la communication autour du projet et suivre les mobilit\u00e9s."}