

{"version":"1.0","provider_name":"Gestions hospitali\u00e8res","provider_url":"https:\/\/www.ricom-web8.com\/gestions","author_name":"Gestions hospitali\u00e8res","author_url":"https:\/\/www.ricom-web8.com\/gestions\/author\/benjamin\/","title":"Risque suicidaire et pr\u00e9cocit\u00e9 intellectuelle - Gestions hospitali\u00e8res","type":"rich","width":600,"height":338,"html":"<blockquote class=\"wp-embedded-content\" data-secret=\"Wmwrv2UmGO\"><a href=\"https:\/\/www.ricom-web8.com\/gestions\/risque-suicidaire-et-precocite-intellectuelle\/\">Risque suicidaire  et pr\u00e9cocit\u00e9 intellectuelle<\/a><\/blockquote><iframe sandbox=\"allow-scripts\" security=\"restricted\" src=\"https:\/\/www.ricom-web8.com\/gestions\/risque-suicidaire-et-precocite-intellectuelle\/embed\/#?secret=Wmwrv2UmGO\" width=\"600\" height=\"338\" title=\"\u00ab\u00a0Risque suicidaire  et pr\u00e9cocit\u00e9 intellectuelle\u00a0\u00bb &#8212; Gestions hospitali\u00e8res\" data-secret=\"Wmwrv2UmGO\" frameborder=\"0\" marginwidth=\"0\" marginheight=\"0\" scrolling=\"no\" class=\"wp-embedded-content\"><\/iframe><script type=\"text\/javascript\">\n\/* <![CDATA[ *\/\n\/*! This file is auto-generated *\/\n!function(d,l){\"use strict\";l.querySelector&&d.addEventListener&&\"undefined\"!=typeof URL&&(d.wp=d.wp||{},d.wp.receiveEmbedMessage||(d.wp.receiveEmbedMessage=function(e){var t=e.data;if((t||t.secret||t.message||t.value)&&!\/[^a-zA-Z0-9]\/.test(t.secret)){for(var s,r,n,a=l.querySelectorAll('iframe[data-secret=\"'+t.secret+'\"]'),o=l.querySelectorAll('blockquote[data-secret=\"'+t.secret+'\"]'),c=new RegExp(\"^https?:$\",\"i\"),i=0;i<o.length;i++)o[i].style.display=\"none\";for(i=0;i<a.length;i++)s=a[i],e.source===s.contentWindow&&(s.removeAttribute(\"style\"),\"height\"===t.message?(1e3<(r=parseInt(t.value,10))?r=1e3:~~r<200&&(r=200),s.height=r):\"link\"===t.message&&(r=new URL(s.getAttribute(\"src\")),n=new URL(t.value),c.test(n.protocol))&&n.host===r.host&&l.activeElement===s&&(d.top.location.href=t.value))}},d.addEventListener(\"message\",d.wp.receiveEmbedMessage,!1),l.addEventListener(\"DOMContentLoaded\",function(){for(var e,t,s=l.querySelectorAll(\"iframe.wp-embedded-content\"),r=0;r<s.length;r++)(t=(e=s[r]).getAttribute(\"data-secret\"))||(t=Math.random().toString(36).substring(2,12),e.src+=\"#?secret=\"+t,e.setAttribute(\"data-secret\",t)),e.contentWindow.postMessage({message:\"ready\",secret:t},\"*\")},!1)))}(window,document);\n\/* ]]> *\/\n<\/script>\n","description":"La th\u00e9orie nous a appris que certains adolescents \u00e0 haut potentiel intellectuel pr\u00e9sentent une hypermaturit\u00e9 intellectuelle, une hypersensibilit\u00e9 \u00e9motionnelle et affective, un besoin d\u2019apprendre, de comprendre, de cr\u00e9er, de ma\u00eetriser et de contr\u00f4ler. Au fil des rencontres, la clinique nous a confirm\u00e9 qu\u2019ils analysent tout, tout le temps, qu\u2019ils sont pour la plupart envahis par des questionnements existentiels et qu\u2019ils ne fonctionnent avec l\u2019autre qu\u2019avec le gage d\u2019une profonde sinc\u00e9rit\u00e9&hellip;"}