

{"version":"1.0","provider_name":"Gestions hospitali\u00e8res","provider_url":"https:\/\/www.ricom-web8.com\/gestions","author_name":"Gestions hospitali\u00e8res","author_url":"https:\/\/www.ricom-web8.com\/gestions\/author\/benjamin\/","title":"Sant\u00e9\u2009: faire le pari des territoires - Gestions hospitali\u00e8res","type":"rich","width":600,"height":338,"html":"<blockquote class=\"wp-embedded-content\" data-secret=\"5josS3ap00\"><a href=\"https:\/\/www.ricom-web8.com\/gestions\/sante-faire-le-pari-des-territoires\/\">Sant\u00e9\u2009: faire le pari des territoires<\/a><\/blockquote><iframe sandbox=\"allow-scripts\" security=\"restricted\" src=\"https:\/\/www.ricom-web8.com\/gestions\/sante-faire-le-pari-des-territoires\/embed\/#?secret=5josS3ap00\" width=\"600\" height=\"338\" title=\"\u00ab\u00a0Sant\u00e9\u2009: faire le pari des territoires\u00a0\u00bb &#8212; Gestions hospitali\u00e8res\" data-secret=\"5josS3ap00\" frameborder=\"0\" marginwidth=\"0\" marginheight=\"0\" scrolling=\"no\" class=\"wp-embedded-content\"><\/iframe><script type=\"text\/javascript\">\n\/* <![CDATA[ *\/\n\/*! This file is auto-generated *\/\n!function(d,l){\"use strict\";l.querySelector&&d.addEventListener&&\"undefined\"!=typeof URL&&(d.wp=d.wp||{},d.wp.receiveEmbedMessage||(d.wp.receiveEmbedMessage=function(e){var t=e.data;if((t||t.secret||t.message||t.value)&&!\/[^a-zA-Z0-9]\/.test(t.secret)){for(var s,r,n,a=l.querySelectorAll('iframe[data-secret=\"'+t.secret+'\"]'),o=l.querySelectorAll('blockquote[data-secret=\"'+t.secret+'\"]'),c=new RegExp(\"^https?:$\",\"i\"),i=0;i<o.length;i++)o[i].style.display=\"none\";for(i=0;i<a.length;i++)s=a[i],e.source===s.contentWindow&&(s.removeAttribute(\"style\"),\"height\"===t.message?(1e3<(r=parseInt(t.value,10))?r=1e3:~~r<200&&(r=200),s.height=r):\"link\"===t.message&&(r=new URL(s.getAttribute(\"src\")),n=new URL(t.value),c.test(n.protocol))&&n.host===r.host&&l.activeElement===s&&(d.top.location.href=t.value))}},d.addEventListener(\"message\",d.wp.receiveEmbedMessage,!1),l.addEventListener(\"DOMContentLoaded\",function(){for(var e,t,s=l.querySelectorAll(\"iframe.wp-embedded-content\"),r=0;r<s.length;r++)(t=(e=s[r]).getAttribute(\"data-secret\"))||(t=Math.random().toString(36).substring(2,12),e.src+=\"#?secret=\"+t,e.setAttribute(\"data-secret\",t)),e.contentWindow.postMessage({message:\"ready\",secret:t},\"*\")},!1)))}(window,document);\n\/* ]]> *\/\n<\/script>\n","description":"Le rapport, sans surprise, d\u00e9bute en constatant une situation tr\u00e8s d\u00e9grad\u00e9e\u2009: \u00ab\u2009Si les Fran\u00e7ais continuent \u00e0 accorder leur confiance aux professionnels de sant\u00e9, l\u2019id\u00e9e selon laquelle notre syst\u00e8me se d\u00e9lite, se d\u00e9grade et que demain nous serons moins bien soign\u00e9s qu\u2019aujourd\u2019hui se g\u00e9n\u00e9ralise. Selon un sondage, en d\u00e9cembre 2021, 74\u2009% des Fran\u00e7ais estimaient que le syst\u00e8me de sant\u00e9 s\u2019\u00e9tait d\u00e9grad\u00e9 (contre 57\u2009% en 2007). Par ailleurs, plus d\u2019un tiers des&hellip;"}