

{"version":"1.0","provider_name":"Gestions hospitali\u00e8res","provider_url":"https:\/\/www.ricom-web8.com\/gestions","author_name":"Gestions hospitali\u00e8res","author_url":"https:\/\/www.ricom-web8.com\/gestions\/author\/benjamin\/","title":"La sant\u00e9 mentale des personnes pr\u00e9caris\u00e9es - Gestions hospitali\u00e8res","type":"rich","width":600,"height":338,"html":"<blockquote class=\"wp-embedded-content\" data-secret=\"JNjFMnjpvg\"><a href=\"https:\/\/www.ricom-web8.com\/gestions\/sante-mentale-personnes-precarisees\/\">La sant\u00e9 mentale des personnes pr\u00e9caris\u00e9es<\/a><\/blockquote><iframe sandbox=\"allow-scripts\" security=\"restricted\" src=\"https:\/\/www.ricom-web8.com\/gestions\/sante-mentale-personnes-precarisees\/embed\/#?secret=JNjFMnjpvg\" width=\"600\" height=\"338\" title=\"\u00ab\u00a0La sant\u00e9 mentale des personnes pr\u00e9caris\u00e9es\u00a0\u00bb &#8212; Gestions hospitali\u00e8res\" data-secret=\"JNjFMnjpvg\" frameborder=\"0\" marginwidth=\"0\" marginheight=\"0\" scrolling=\"no\" class=\"wp-embedded-content\"><\/iframe><script type=\"text\/javascript\">\n\/* <![CDATA[ *\/\n\/*! This file is auto-generated *\/\n!function(d,l){\"use strict\";l.querySelector&&d.addEventListener&&\"undefined\"!=typeof URL&&(d.wp=d.wp||{},d.wp.receiveEmbedMessage||(d.wp.receiveEmbedMessage=function(e){var t=e.data;if((t||t.secret||t.message||t.value)&&!\/[^a-zA-Z0-9]\/.test(t.secret)){for(var s,r,n,a=l.querySelectorAll('iframe[data-secret=\"'+t.secret+'\"]'),o=l.querySelectorAll('blockquote[data-secret=\"'+t.secret+'\"]'),c=new RegExp(\"^https?:$\",\"i\"),i=0;i<o.length;i++)o[i].style.display=\"none\";for(i=0;i<a.length;i++)s=a[i],e.source===s.contentWindow&&(s.removeAttribute(\"style\"),\"height\"===t.message?(1e3<(r=parseInt(t.value,10))?r=1e3:~~r<200&&(r=200),s.height=r):\"link\"===t.message&&(r=new URL(s.getAttribute(\"src\")),n=new URL(t.value),c.test(n.protocol))&&n.host===r.host&&l.activeElement===s&&(d.top.location.href=t.value))}},d.addEventListener(\"message\",d.wp.receiveEmbedMessage,!1),l.addEventListener(\"DOMContentLoaded\",function(){for(var e,t,s=l.querySelectorAll(\"iframe.wp-embedded-content\"),r=0;r<s.length;r++)(t=(e=s[r]).getAttribute(\"data-secret\"))||(t=Math.random().toString(36).substring(2,12),e.src+=\"#?secret=\"+t,e.setAttribute(\"data-secret\",t)),e.contentWindow.postMessage({message:\"ready\",secret:t},\"*\")},!1)))}(window,document);\n\/* ]]> *\/\n<\/script>\n","description":"\u00c0 titre pr\u00e9liminaire, deux observations sont pr\u00e9sent\u00e9es, relatives \u00e0 la croissance de la pr\u00e9carit\u00e9 et des questionnements sanitaires et sociaux li\u00e9s \u00e0 ce constat. Dans la longue marche de l\u2019humanit\u00e9, la pauvret\u00e9 et la pr\u00e9carit\u00e9 ont longtemps \u00e9t\u00e9 partag\u00e9es par la grande majorit\u00e9 de la population mondiale. Apr\u00e8s la guerre et les \u00ab Trente Glorieuses \u00bb, les ann\u00e9es 1980 ont vu appara\u00eetre la notion de pauvret\u00e9 en pays riche, li\u00e9e&hellip;"}