

{"version":"1.0","provider_name":"Gestions hospitali\u00e8res","provider_url":"https:\/\/www.ricom-web8.com\/gestions","author_name":"Gestions hospitali\u00e8res","author_url":"https:\/\/www.ricom-web8.com\/gestions\/author\/benjamin\/","title":"Sant\u00e9 psychologique et qualit\u00e9 de vie au travail - Gestions hospitali\u00e8res","type":"rich","width":600,"height":338,"html":"<blockquote class=\"wp-embedded-content\" data-secret=\"lVIg2cwyjS\"><a href=\"https:\/\/www.ricom-web8.com\/gestions\/sante-psychologique-qualite-de-vie-travail\/\">Sant\u00e9 psychologique et qualit\u00e9 de vie au travail<\/a><\/blockquote><iframe sandbox=\"allow-scripts\" security=\"restricted\" src=\"https:\/\/www.ricom-web8.com\/gestions\/sante-psychologique-qualite-de-vie-travail\/embed\/#?secret=lVIg2cwyjS\" width=\"600\" height=\"338\" title=\"\u00ab\u00a0Sant\u00e9 psychologique et qualit\u00e9 de vie au travail\u00a0\u00bb &#8212; Gestions hospitali\u00e8res\" data-secret=\"lVIg2cwyjS\" frameborder=\"0\" marginwidth=\"0\" marginheight=\"0\" scrolling=\"no\" class=\"wp-embedded-content\"><\/iframe><script type=\"text\/javascript\">\n\/* <![CDATA[ *\/\n\/*! This file is auto-generated *\/\n!function(d,l){\"use strict\";l.querySelector&&d.addEventListener&&\"undefined\"!=typeof URL&&(d.wp=d.wp||{},d.wp.receiveEmbedMessage||(d.wp.receiveEmbedMessage=function(e){var t=e.data;if((t||t.secret||t.message||t.value)&&!\/[^a-zA-Z0-9]\/.test(t.secret)){for(var s,r,n,a=l.querySelectorAll('iframe[data-secret=\"'+t.secret+'\"]'),o=l.querySelectorAll('blockquote[data-secret=\"'+t.secret+'\"]'),c=new RegExp(\"^https?:$\",\"i\"),i=0;i<o.length;i++)o[i].style.display=\"none\";for(i=0;i<a.length;i++)s=a[i],e.source===s.contentWindow&&(s.removeAttribute(\"style\"),\"height\"===t.message?(1e3<(r=parseInt(t.value,10))?r=1e3:~~r<200&&(r=200),s.height=r):\"link\"===t.message&&(r=new URL(s.getAttribute(\"src\")),n=new URL(t.value),c.test(n.protocol))&&n.host===r.host&&l.activeElement===s&&(d.top.location.href=t.value))}},d.addEventListener(\"message\",d.wp.receiveEmbedMessage,!1),l.addEventListener(\"DOMContentLoaded\",function(){for(var e,t,s=l.querySelectorAll(\"iframe.wp-embedded-content\"),r=0;r<s.length;r++)(t=(e=s[r]).getAttribute(\"data-secret\"))||(t=Math.random().toString(36).substring(2,12),e.src+=\"#?secret=\"+t,e.setAttribute(\"data-secret\",t)),e.contentWindow.postMessage({message:\"ready\",secret:t},\"*\")},!1)))}(window,document);\n\/* ]]> *\/\n<\/script>\n","description":"\u00c0la demande du directeur de l\u2019h\u00f4pital d\u2019instruction des arm\u00e9es (HIA) de Toulon, un comit\u00e9 pluridisciplinaire \u00ab\u2009qualit\u00e9 de vie au travail \u00bb (QVT), compos\u00e9 de membres de la direction et de soignants, s\u2019est constitu\u00e9 sous le pilotage d\u2019un m\u00e9decin volontaire n\u2019appartenant pas \u00e0 la direction. Le fait de confier cette mission a un acteur de terrain a permis le d\u00e9marrage d\u2019un projet connect\u00e9 aux contraintes r\u00e9elles et aux ressources mobilisables. La&hellip;"}