

{"version":"1.0","provider_name":"Gestions hospitali\u00e8res","provider_url":"https:\/\/www.ricom-web8.com\/gestions","author_name":"Gestions hospitali\u00e8res","author_url":"https:\/\/www.ricom-web8.com\/gestions\/author\/benjamin\/","title":"SIH r\u00e9gional : l\u2019exp\u00e9rience de la Franche-Comt\u00e9 - Gestions hospitali\u00e8res","type":"rich","width":600,"height":338,"html":"<blockquote class=\"wp-embedded-content\" data-secret=\"pEkbumSGbV\"><a href=\"https:\/\/www.ricom-web8.com\/gestions\/sih-regional-lexperience-de-franche-comte\/\">SIH r\u00e9gional : l\u2019exp\u00e9rience de la Franche-Comt\u00e9<\/a><\/blockquote><iframe sandbox=\"allow-scripts\" security=\"restricted\" src=\"https:\/\/www.ricom-web8.com\/gestions\/sih-regional-lexperience-de-franche-comte\/embed\/#?secret=pEkbumSGbV\" width=\"600\" height=\"338\" title=\"\u00ab\u00a0SIH r\u00e9gional : l\u2019exp\u00e9rience de la Franche-Comt\u00e9\u00a0\u00bb &#8212; Gestions hospitali\u00e8res\" data-secret=\"pEkbumSGbV\" frameborder=\"0\" marginwidth=\"0\" marginheight=\"0\" scrolling=\"no\" class=\"wp-embedded-content\"><\/iframe><script type=\"text\/javascript\">\n\/* <![CDATA[ *\/\n\/*! This file is auto-generated *\/\n!function(d,l){\"use strict\";l.querySelector&&d.addEventListener&&\"undefined\"!=typeof URL&&(d.wp=d.wp||{},d.wp.receiveEmbedMessage||(d.wp.receiveEmbedMessage=function(e){var t=e.data;if((t||t.secret||t.message||t.value)&&!\/[^a-zA-Z0-9]\/.test(t.secret)){for(var s,r,n,a=l.querySelectorAll('iframe[data-secret=\"'+t.secret+'\"]'),o=l.querySelectorAll('blockquote[data-secret=\"'+t.secret+'\"]'),c=new RegExp(\"^https?:$\",\"i\"),i=0;i<o.length;i++)o[i].style.display=\"none\";for(i=0;i<a.length;i++)s=a[i],e.source===s.contentWindow&&(s.removeAttribute(\"style\"),\"height\"===t.message?(1e3<(r=parseInt(t.value,10))?r=1e3:~~r<200&&(r=200),s.height=r):\"link\"===t.message&&(r=new URL(s.getAttribute(\"src\")),n=new URL(t.value),c.test(n.protocol))&&n.host===r.host&&l.activeElement===s&&(d.top.location.href=t.value))}},d.addEventListener(\"message\",d.wp.receiveEmbedMessage,!1),l.addEventListener(\"DOMContentLoaded\",function(){for(var e,t,s=l.querySelectorAll(\"iframe.wp-embedded-content\"),r=0;r<s.length;r++)(t=(e=s[r]).getAttribute(\"data-secret\"))||(t=Math.random().toString(36).substring(2,12),e.src+=\"#?secret=\"+t,e.setAttribute(\"data-secret\",t)),e.contentWindow.postMessage({message:\"ready\",secret:t},\"*\")},!1)))}(window,document);\n\/* ]]> *\/\n<\/script>\n","description":"L\u2019enjeu d\u00e9passe le cadre individuel des structures hospitali\u00e8res pour s\u2019\u00e9largir \u00e0 l\u2019ardente obligation qui nous est faite de communiquer entre \u00e9tablissements dans des conditions de fluidit\u00e9 et de souplesse optimales. Nous disposons actuellement d\u2019infrastructures informatiques diversifi\u00e9es selon les \u00e9tablissements alors m\u00eame que la logique des territoires de sant\u00e9 appelle de notre part un effort de communication accru \u00e0 travers notamment le d\u00e9veloppement de la t\u00e9l\u00e9m\u00e9decine, du transfert d\u2019images, la communication&hellip;"}