

{"version":"1.0","provider_name":"Gestions hospitali\u00e8res","provider_url":"https:\/\/www.ricom-web8.com\/gestions","author_name":"yann Le Sager","author_url":"https:\/\/www.ricom-web8.com\/gestions\/author\/lesager-yannstudioricom-com\/","title":"T\u00e9l\u00e9fibrionolyse en Bourgogne - Gestions hospitali\u00e8res","type":"rich","width":600,"height":338,"html":"<blockquote class=\"wp-embedded-content\" data-secret=\"F3mj2bA7Iv\"><a href=\"https:\/\/www.ricom-web8.com\/gestions\/telefibrinolyse-en-bourgogne\/\">T\u00e9l\u00e9fibrionolyse en Bourgogne<\/a><\/blockquote><iframe sandbox=\"allow-scripts\" security=\"restricted\" src=\"https:\/\/www.ricom-web8.com\/gestions\/telefibrinolyse-en-bourgogne\/embed\/#?secret=F3mj2bA7Iv\" width=\"600\" height=\"338\" title=\"\u00ab\u00a0T\u00e9l\u00e9fibrionolyse en Bourgogne\u00a0\u00bb &#8212; Gestions hospitali\u00e8res\" data-secret=\"F3mj2bA7Iv\" frameborder=\"0\" marginwidth=\"0\" marginheight=\"0\" scrolling=\"no\" class=\"wp-embedded-content\"><\/iframe><script type=\"text\/javascript\">\n\/* <![CDATA[ *\/\n\/*! This file is auto-generated *\/\n!function(d,l){\"use strict\";l.querySelector&&d.addEventListener&&\"undefined\"!=typeof URL&&(d.wp=d.wp||{},d.wp.receiveEmbedMessage||(d.wp.receiveEmbedMessage=function(e){var t=e.data;if((t||t.secret||t.message||t.value)&&!\/[^a-zA-Z0-9]\/.test(t.secret)){for(var s,r,n,a=l.querySelectorAll('iframe[data-secret=\"'+t.secret+'\"]'),o=l.querySelectorAll('blockquote[data-secret=\"'+t.secret+'\"]'),c=new RegExp(\"^https?:$\",\"i\"),i=0;i<o.length;i++)o[i].style.display=\"none\";for(i=0;i<a.length;i++)s=a[i],e.source===s.contentWindow&&(s.removeAttribute(\"style\"),\"height\"===t.message?(1e3<(r=parseInt(t.value,10))?r=1e3:~~r<200&&(r=200),s.height=r):\"link\"===t.message&&(r=new URL(s.getAttribute(\"src\")),n=new URL(t.value),c.test(n.protocol))&&n.host===r.host&&l.activeElement===s&&(d.top.location.href=t.value))}},d.addEventListener(\"message\",d.wp.receiveEmbedMessage,!1),l.addEventListener(\"DOMContentLoaded\",function(){for(var e,t,s=l.querySelectorAll(\"iframe.wp-embedded-content\"),r=0;r<s.length;r++)(t=(e=s[r]).getAttribute(\"data-secret\"))||(t=Math.random().toString(36).substring(2,12),e.src+=\"#?secret=\"+t,e.setAttribute(\"data-secret\",t)),e.contentWindow.postMessage({message:\"ready\",secret:t},\"*\")},!1)))}(window,document);\n\/* ]]> *\/\n<\/script>\n","description":"\ufeffAm\u00e9liorer l\u2019offre de soins, en utilisant au mieux la ressource m\u00e9dicale, c\u2019est l\u2019objectif pos\u00e9 par les professionnels de sant\u00e9, le minist\u00e8re de la Sant\u00e9 et les agences r\u00e9gionales de sant\u00e9 (ARS). L\u2019auteur d\u00e9crit ici l\u2019utilisation de la t\u00e9l\u00e9- imagerie dans la prise en charge des accidents vasculaires c\u00e9r\u00e9braux (AVC), un outil appel\u00e9 \u00e0 favoriser l\u2019accessibilit\u00e9 aux soins.\u2008"}