

{"version":"1.0","provider_name":"Gestions hospitali\u00e8res","provider_url":"https:\/\/www.ricom-web8.com\/gestions","author_name":"Gestions hospitali\u00e8res","author_url":"https:\/\/www.ricom-web8.com\/gestions\/author\/benjamin\/","title":"T\u00e9l\u00e9m\u00e9decine et am\u00e9nagement du territoire sanitaire - Gestions hospitali\u00e8res","type":"rich","width":600,"height":338,"html":"<blockquote class=\"wp-embedded-content\" data-secret=\"CNok6rCnZp\"><a href=\"https:\/\/www.ricom-web8.com\/gestions\/telemedecine-amenagement-territoire-sanitaire\/\">T\u00e9l\u00e9m\u00e9decine et am\u00e9nagement du territoire sanitaire<\/a><\/blockquote><iframe sandbox=\"allow-scripts\" security=\"restricted\" src=\"https:\/\/www.ricom-web8.com\/gestions\/telemedecine-amenagement-territoire-sanitaire\/embed\/#?secret=CNok6rCnZp\" width=\"600\" height=\"338\" title=\"\u00ab\u00a0T\u00e9l\u00e9m\u00e9decine et am\u00e9nagement du territoire sanitaire\u00a0\u00bb &#8212; Gestions hospitali\u00e8res\" data-secret=\"CNok6rCnZp\" frameborder=\"0\" marginwidth=\"0\" marginheight=\"0\" scrolling=\"no\" class=\"wp-embedded-content\"><\/iframe><script type=\"text\/javascript\">\n\/* <![CDATA[ *\/\n\/*! This file is auto-generated *\/\n!function(d,l){\"use strict\";l.querySelector&&d.addEventListener&&\"undefined\"!=typeof URL&&(d.wp=d.wp||{},d.wp.receiveEmbedMessage||(d.wp.receiveEmbedMessage=function(e){var t=e.data;if((t||t.secret||t.message||t.value)&&!\/[^a-zA-Z0-9]\/.test(t.secret)){for(var s,r,n,a=l.querySelectorAll('iframe[data-secret=\"'+t.secret+'\"]'),o=l.querySelectorAll('blockquote[data-secret=\"'+t.secret+'\"]'),c=new RegExp(\"^https?:$\",\"i\"),i=0;i<o.length;i++)o[i].style.display=\"none\";for(i=0;i<a.length;i++)s=a[i],e.source===s.contentWindow&&(s.removeAttribute(\"style\"),\"height\"===t.message?(1e3<(r=parseInt(t.value,10))?r=1e3:~~r<200&&(r=200),s.height=r):\"link\"===t.message&&(r=new URL(s.getAttribute(\"src\")),n=new URL(t.value),c.test(n.protocol))&&n.host===r.host&&l.activeElement===s&&(d.top.location.href=t.value))}},d.addEventListener(\"message\",d.wp.receiveEmbedMessage,!1),l.addEventListener(\"DOMContentLoaded\",function(){for(var e,t,s=l.querySelectorAll(\"iframe.wp-embedded-content\"),r=0;r<s.length;r++)(t=(e=s[r]).getAttribute(\"data-secret\"))||(t=Math.random().toString(36).substring(2,12),e.src+=\"#?secret=\"+t,e.setAttribute(\"data-secret\",t)),e.contentWindow.postMessage({message:\"ready\",secret:t},\"*\")},!1)))}(window,document);\n\/* ]]> *\/\n<\/script>\n","description":"Les nouvelles technologies de l\u2019information et de la communication (NTIC) font partie du paysage de notre syst\u00e8me sanitaire depuis pr\u00e8s de deux d\u00e9cennies. La plupart des grands h\u00f4pitaux construits en Europe au cours des vingt derni\u00e8res ann\u00e9es les ont int\u00e9gr\u00e9es dans leur \u00e9quipement. En France, l\u2019h\u00f4pital europ\u00e9en Georges-Pompidou, ouvert \u00e0 l\u2019or\u00e9e du xxie si\u00e8cle \u2013 inaugur\u00e9 le 21 d\u00e9cembre 2000 \u2013, a \u00e9t\u00e9 le premier d\u2019une s\u00e9rie de nouveaux \u00e9tablissements&hellip;"}