

{"version":"1.0","provider_name":"Gestions hospitali\u00e8res","provider_url":"https:\/\/www.ricom-web8.com\/gestions","author_name":"Gestions hospitali\u00e8res","author_url":"https:\/\/www.ricom-web8.com\/gestions\/author\/benjamin\/","title":"Temps de travail et effectifs dans la fonction publique - Gestions hospitali\u00e8res","type":"rich","width":600,"height":338,"html":"<blockquote class=\"wp-embedded-content\" data-secret=\"ZRZZzVCwkM\"><a href=\"https:\/\/www.ricom-web8.com\/gestions\/temps-de-travail-effectifs-fonction-publique\/\">Temps de travail et effectifs dans la fonction publique<\/a><\/blockquote><iframe sandbox=\"allow-scripts\" security=\"restricted\" src=\"https:\/\/www.ricom-web8.com\/gestions\/temps-de-travail-effectifs-fonction-publique\/embed\/#?secret=ZRZZzVCwkM\" width=\"600\" height=\"338\" title=\"\u00ab\u00a0Temps de travail et effectifs dans la fonction publique\u00a0\u00bb &#8212; Gestions hospitali\u00e8res\" data-secret=\"ZRZZzVCwkM\" frameborder=\"0\" marginwidth=\"0\" marginheight=\"0\" scrolling=\"no\" class=\"wp-embedded-content\"><\/iframe><script type=\"text\/javascript\">\n\/* <![CDATA[ *\/\n\/*! This file is auto-generated *\/\n!function(d,l){\"use strict\";l.querySelector&&d.addEventListener&&\"undefined\"!=typeof URL&&(d.wp=d.wp||{},d.wp.receiveEmbedMessage||(d.wp.receiveEmbedMessage=function(e){var t=e.data;if((t||t.secret||t.message||t.value)&&!\/[^a-zA-Z0-9]\/.test(t.secret)){for(var s,r,n,a=l.querySelectorAll('iframe[data-secret=\"'+t.secret+'\"]'),o=l.querySelectorAll('blockquote[data-secret=\"'+t.secret+'\"]'),c=new RegExp(\"^https?:$\",\"i\"),i=0;i<o.length;i++)o[i].style.display=\"none\";for(i=0;i<a.length;i++)s=a[i],e.source===s.contentWindow&&(s.removeAttribute(\"style\"),\"height\"===t.message?(1e3<(r=parseInt(t.value,10))?r=1e3:~~r<200&&(r=200),s.height=r):\"link\"===t.message&&(r=new URL(s.getAttribute(\"src\")),n=new URL(t.value),c.test(n.protocol))&&n.host===r.host&&l.activeElement===s&&(d.top.location.href=t.value))}},d.addEventListener(\"message\",d.wp.receiveEmbedMessage,!1),l.addEventListener(\"DOMContentLoaded\",function(){for(var e,t,s=l.querySelectorAll(\"iframe.wp-embedded-content\"),r=0;r<s.length;r++)(t=(e=s[r]).getAttribute(\"data-secret\"))||(t=Math.random().toString(36).substring(2,12),e.src+=\"#?secret=\"+t,e.setAttribute(\"data-secret\",t)),e.contentWindow.postMessage({message:\"ready\",secret:t},\"*\")},!1)))}(window,document);\n\/* ]]> *\/\n<\/script>\n","description":"Les effectifs ont \u00e9volu\u00e9 diff\u00e9remment dans les trois fonctions publiques (\u00c9tat, territoriale et hospitali\u00e8re). Ainsi, alors m\u00eame que les pr\u00e9conisations issues de la r\u00e9vision g\u00e9n\u00e9rale des politiques publiques (RGPP) \u00e0 partir de 2007 et remplac\u00e9e en 2012 par la modernisation de l\u2019action publique (MAP) visaient \u00e0 r\u00e9duire ces effectifs, ceux-ci ont effectivement baiss\u00e9 sensiblement du c\u00f4t\u00e9 de l\u2019\u00c9tat alors qu\u2019ils continuaient \u00e0 progresser principalement dans les deux autres fonctions publiques,&hellip;"}