

{"version":"1.0","provider_name":"Gestions hospitali\u00e8res","provider_url":"https:\/\/www.ricom-web8.com\/gestions","author_name":"Gestions hospitali\u00e8res","author_url":"https:\/\/www.ricom-web8.com\/gestions\/author\/benjamin\/","title":"Traumatisme, r\u00e9silience et reconstruction - Gestions hospitali\u00e8res","type":"rich","width":600,"height":338,"html":"<blockquote class=\"wp-embedded-content\" data-secret=\"3P8BUj7XIP\"><a href=\"https:\/\/www.ricom-web8.com\/gestions\/traumatisme-resilience-et-reconstruction\/\">Traumatisme, r\u00e9silience et reconstruction<\/a><\/blockquote><iframe sandbox=\"allow-scripts\" security=\"restricted\" src=\"https:\/\/www.ricom-web8.com\/gestions\/traumatisme-resilience-et-reconstruction\/embed\/#?secret=3P8BUj7XIP\" width=\"600\" height=\"338\" title=\"\u00ab\u00a0Traumatisme, r\u00e9silience et reconstruction\u00a0\u00bb &#8212; Gestions hospitali\u00e8res\" data-secret=\"3P8BUj7XIP\" frameborder=\"0\" marginwidth=\"0\" marginheight=\"0\" scrolling=\"no\" class=\"wp-embedded-content\"><\/iframe><script type=\"text\/javascript\">\n\/* <![CDATA[ *\/\n\/*! This file is auto-generated *\/\n!function(d,l){\"use strict\";l.querySelector&&d.addEventListener&&\"undefined\"!=typeof URL&&(d.wp=d.wp||{},d.wp.receiveEmbedMessage||(d.wp.receiveEmbedMessage=function(e){var t=e.data;if((t||t.secret||t.message||t.value)&&!\/[^a-zA-Z0-9]\/.test(t.secret)){for(var s,r,n,a=l.querySelectorAll('iframe[data-secret=\"'+t.secret+'\"]'),o=l.querySelectorAll('blockquote[data-secret=\"'+t.secret+'\"]'),c=new RegExp(\"^https?:$\",\"i\"),i=0;i<o.length;i++)o[i].style.display=\"none\";for(i=0;i<a.length;i++)s=a[i],e.source===s.contentWindow&&(s.removeAttribute(\"style\"),\"height\"===t.message?(1e3<(r=parseInt(t.value,10))?r=1e3:~~r<200&&(r=200),s.height=r):\"link\"===t.message&&(r=new URL(s.getAttribute(\"src\")),n=new URL(t.value),c.test(n.protocol))&&n.host===r.host&&l.activeElement===s&&(d.top.location.href=t.value))}},d.addEventListener(\"message\",d.wp.receiveEmbedMessage,!1),l.addEventListener(\"DOMContentLoaded\",function(){for(var e,t,s=l.querySelectorAll(\"iframe.wp-embedded-content\"),r=0;r<s.length;r++)(t=(e=s[r]).getAttribute(\"data-secret\"))||(t=Math.random().toString(36).substring(2,12),e.src+=\"#?secret=\"+t,e.setAttribute(\"data-secret\",t)),e.contentWindow.postMessage({message:\"ready\",secret:t},\"*\")},!1)))}(window,document);\n\/* ]]> *\/\n<\/script>\n","description":"La conception d\u2019une unit\u00e9 de prise en charge holistique des victimes de violences est n\u00e9e, d\u2019une part de la r\u00e9daction d\u2019un projet \u00e0 partir de mon activit\u00e9 clinique diversifi\u00e9e au sein des urgences depuis 2005, en secteur de m\u00e9decine (gastralgies, tachycardies, malaises\u2026), chirurgie (l\u00e9sions, h\u00e9matomes, fractures\u2026) et psychiatrie (tentatives de suicide, crises clastiques, burn-out), d\u2019autre part de l\u2019inexistence territoriale d\u2019un accompagnement sp\u00e9cifique pour les victimes qui s\u2019adressaient en nombre \u00e0&hellip;"}