

{"version":"1.0","provider_name":"Gestions hospitali\u00e8res","provider_url":"https:\/\/www.ricom-web8.com\/gestions","author_name":"Gestions hospitali\u00e8res","author_url":"https:\/\/www.ricom-web8.com\/gestions\/author\/benjamin\/","title":"Trois textes courts, sur l\u2019air du temps - Gestions hospitali\u00e8res","type":"rich","width":600,"height":338,"html":"<blockquote class=\"wp-embedded-content\" data-secret=\"WkRcupoHOP\"><a href=\"https:\/\/www.ricom-web8.com\/gestions\/trois-textes-courts-sur-lair-du-temps\/\">Trois textes courts, sur l\u2019air du temps<\/a><\/blockquote><iframe sandbox=\"allow-scripts\" security=\"restricted\" src=\"https:\/\/www.ricom-web8.com\/gestions\/trois-textes-courts-sur-lair-du-temps\/embed\/#?secret=WkRcupoHOP\" width=\"600\" height=\"338\" title=\"\u00ab\u00a0Trois textes courts, sur l\u2019air du temps\u00a0\u00bb &#8212; Gestions hospitali\u00e8res\" data-secret=\"WkRcupoHOP\" frameborder=\"0\" marginwidth=\"0\" marginheight=\"0\" scrolling=\"no\" class=\"wp-embedded-content\"><\/iframe><script type=\"text\/javascript\">\n\/* <![CDATA[ *\/\n\/*! This file is auto-generated *\/\n!function(d,l){\"use strict\";l.querySelector&&d.addEventListener&&\"undefined\"!=typeof URL&&(d.wp=d.wp||{},d.wp.receiveEmbedMessage||(d.wp.receiveEmbedMessage=function(e){var t=e.data;if((t||t.secret||t.message||t.value)&&!\/[^a-zA-Z0-9]\/.test(t.secret)){for(var s,r,n,a=l.querySelectorAll('iframe[data-secret=\"'+t.secret+'\"]'),o=l.querySelectorAll('blockquote[data-secret=\"'+t.secret+'\"]'),c=new RegExp(\"^https?:$\",\"i\"),i=0;i<o.length;i++)o[i].style.display=\"none\";for(i=0;i<a.length;i++)s=a[i],e.source===s.contentWindow&&(s.removeAttribute(\"style\"),\"height\"===t.message?(1e3<(r=parseInt(t.value,10))?r=1e3:~~r<200&&(r=200),s.height=r):\"link\"===t.message&&(r=new URL(s.getAttribute(\"src\")),n=new URL(t.value),c.test(n.protocol))&&n.host===r.host&&l.activeElement===s&&(d.top.location.href=t.value))}},d.addEventListener(\"message\",d.wp.receiveEmbedMessage,!1),l.addEventListener(\"DOMContentLoaded\",function(){for(var e,t,s=l.querySelectorAll(\"iframe.wp-embedded-content\"),r=0;r<s.length;r++)(t=(e=s[r]).getAttribute(\"data-secret\"))||(t=Math.random().toString(36).substring(2,12),e.src+=\"#?secret=\"+t,e.setAttribute(\"data-secret\",t)),e.contentWindow.postMessage({message:\"ready\",secret:t},\"*\")},!1)))}(window,document);\n\/* ]]> *\/\n<\/script>\n","description":"Dans ce patchwork litt\u00e9raire, citons Mon individualisme de Natsum\u00e9 S\u00f6seki, auteur japonais du d\u00e9but du xxe si\u00e8cle. Les \u00e9ditions Rivages \u00e9ditent une de ses conf\u00e9rences, prononc\u00e9e \u00e0 l\u2019\u00e9cole des Pairs en 1914. Pour celles et ceux, lass\u00e9s des phrases rapides sur \u00ab\u2009la soci\u00e9t\u00e9 individualiste\u2009\u00bb, l\u2019auteur nuan\u00e7ait d\u00e9j\u00e0 en 1914, expliquant que l\u2019individualisme, au sens de l\u2019accomplissement de soi, est indispensable. Il d\u00e9clarait ainsi aux \u00e9tudiants\u2009: \u00ab\u2009Vous avez encore en vous&hellip;","thumbnail_url":"https:\/\/gestions-hospitalieres.fr\/wp-content\/uploads\/2022\/01\/1_mon-individualisme-194x300.jpg"}