

{"version":"1.0","provider_name":"Gestions hospitali\u00e8res","provider_url":"https:\/\/www.ricom-web8.com\/gestions","author_name":"Gestions hospitali\u00e8res","author_url":"https:\/\/www.ricom-web8.com\/gestions\/author\/benjamin\/","title":"Une cellule de rappel des professionnels - Gestions hospitali\u00e8res","type":"rich","width":600,"height":338,"html":"<blockquote class=\"wp-embedded-content\" data-secret=\"ERxyLDNKtE\"><a href=\"https:\/\/www.ricom-web8.com\/gestions\/une-cellule-de-rappel-des-professionnels\/\">Une cellule de rappel des professionnels<\/a><\/blockquote><iframe sandbox=\"allow-scripts\" security=\"restricted\" src=\"https:\/\/www.ricom-web8.com\/gestions\/une-cellule-de-rappel-des-professionnels\/embed\/#?secret=ERxyLDNKtE\" width=\"600\" height=\"338\" title=\"\u00ab\u00a0Une cellule de rappel des professionnels\u00a0\u00bb &#8212; Gestions hospitali\u00e8res\" data-secret=\"ERxyLDNKtE\" frameborder=\"0\" marginwidth=\"0\" marginheight=\"0\" scrolling=\"no\" class=\"wp-embedded-content\"><\/iframe><script type=\"text\/javascript\">\n\/* <![CDATA[ *\/\n\/*! This file is auto-generated *\/\n!function(d,l){\"use strict\";l.querySelector&&d.addEventListener&&\"undefined\"!=typeof URL&&(d.wp=d.wp||{},d.wp.receiveEmbedMessage||(d.wp.receiveEmbedMessage=function(e){var t=e.data;if((t||t.secret||t.message||t.value)&&!\/[^a-zA-Z0-9]\/.test(t.secret)){for(var s,r,n,a=l.querySelectorAll('iframe[data-secret=\"'+t.secret+'\"]'),o=l.querySelectorAll('blockquote[data-secret=\"'+t.secret+'\"]'),c=new RegExp(\"^https?:$\",\"i\"),i=0;i<o.length;i++)o[i].style.display=\"none\";for(i=0;i<a.length;i++)s=a[i],e.source===s.contentWindow&&(s.removeAttribute(\"style\"),\"height\"===t.message?(1e3<(r=parseInt(t.value,10))?r=1e3:~~r<200&&(r=200),s.height=r):\"link\"===t.message&&(r=new URL(s.getAttribute(\"src\")),n=new URL(t.value),c.test(n.protocol))&&n.host===r.host&&l.activeElement===s&&(d.top.location.href=t.value))}},d.addEventListener(\"message\",d.wp.receiveEmbedMessage,!1),l.addEventListener(\"DOMContentLoaded\",function(){for(var e,t,s=l.querySelectorAll(\"iframe.wp-embedded-content\"),r=0;r<s.length;r++)(t=(e=s[r]).getAttribute(\"data-secret\"))||(t=Math.random().toString(36).substring(2,12),e.src+=\"#?secret=\"+t,e.setAttribute(\"data-secret\",t)),e.contentWindow.postMessage({message:\"ready\",secret:t},\"*\")},!1)))}(window,document);\n\/* ]]> *\/\n<\/script>\n","description":"La gestion de l\u2019\u00e9pid\u00e9mie de Covid-19 nous a contraints de modifier tr\u00e8s rapidement la configuration de notre \u00e9tablissement. Selon les consignes minist\u00e9rielles, les interventions programm\u00e9es et qui pouvaient l\u2019\u00eatre ont \u00e9t\u00e9 report\u00e9es. Des blocs op\u00e9ratoires ont \u00e9t\u00e9 ferm\u00e9s ainsi que des unit\u00e9s d\u2019h\u00f4pitaux de jour et des services de consultations. Enfin, comme constat\u00e9 dans de nombreux autres \u00e9tablissements de sant\u00e9, l\u2019activit\u00e9 des urgences (hors Covid-19) s\u2019est effondr\u00e9e. De ce fait,&hellip;"}