

{"version":"1.0","provider_name":"Gestions hospitali\u00e8res","provider_url":"https:\/\/www.ricom-web8.com\/gestions","author_name":"Gestions hospitali\u00e8res","author_url":"https:\/\/www.ricom-web8.com\/gestions\/author\/benjamin\/","title":"Une fili\u00e8re ORL augment\u00e9e - Gestions hospitali\u00e8res","type":"rich","width":600,"height":338,"html":"<blockquote class=\"wp-embedded-content\" data-secret=\"OB4zykPrlF\"><a href=\"https:\/\/www.ricom-web8.com\/gestions\/une-filiere-orl-augmentee\/\">Une fili\u00e8re ORL augment\u00e9e<\/a><\/blockquote><iframe sandbox=\"allow-scripts\" security=\"restricted\" src=\"https:\/\/www.ricom-web8.com\/gestions\/une-filiere-orl-augmentee\/embed\/#?secret=OB4zykPrlF\" width=\"600\" height=\"338\" title=\"\u00ab\u00a0Une fili\u00e8re ORL augment\u00e9e\u00a0\u00bb &#8212; Gestions hospitali\u00e8res\" data-secret=\"OB4zykPrlF\" frameborder=\"0\" marginwidth=\"0\" marginheight=\"0\" scrolling=\"no\" class=\"wp-embedded-content\"><\/iframe><script type=\"text\/javascript\">\n\/* <![CDATA[ *\/\n\/*! This file is auto-generated *\/\n!function(d,l){\"use strict\";l.querySelector&&d.addEventListener&&\"undefined\"!=typeof URL&&(d.wp=d.wp||{},d.wp.receiveEmbedMessage||(d.wp.receiveEmbedMessage=function(e){var t=e.data;if((t||t.secret||t.message||t.value)&&!\/[^a-zA-Z0-9]\/.test(t.secret)){for(var s,r,n,a=l.querySelectorAll('iframe[data-secret=\"'+t.secret+'\"]'),o=l.querySelectorAll('blockquote[data-secret=\"'+t.secret+'\"]'),c=new RegExp(\"^https?:$\",\"i\"),i=0;i<o.length;i++)o[i].style.display=\"none\";for(i=0;i<a.length;i++)s=a[i],e.source===s.contentWindow&&(s.removeAttribute(\"style\"),\"height\"===t.message?(1e3<(r=parseInt(t.value,10))?r=1e3:~~r<200&&(r=200),s.height=r):\"link\"===t.message&&(r=new URL(s.getAttribute(\"src\")),n=new URL(t.value),c.test(n.protocol))&&n.host===r.host&&l.activeElement===s&&(d.top.location.href=t.value))}},d.addEventListener(\"message\",d.wp.receiveEmbedMessage,!1),l.addEventListener(\"DOMContentLoaded\",function(){for(var e,t,s=l.querySelectorAll(\"iframe.wp-embedded-content\"),r=0;r<s.length;r++)(t=(e=s[r]).getAttribute(\"data-secret\"))||(t=Math.random().toString(36).substring(2,12),e.src+=\"#?secret=\"+t,e.setAttribute(\"data-secret\",t)),e.contentWindow.postMessage({message:\"ready\",secret:t},\"*\")},!1)))}(window,document);\n\/* ]]> *\/\n<\/script>\n","description":"Depuis plusieurs ann\u00e9es, un travail de collaboration entre structures ORL publiques et priv\u00e9es de Dr\u00f4me et d\u2019Ard\u00e8che a lentement permis l\u2019\u00e9mergence d\u2019un maillage territorial, initi\u00e9 en 2007 suite aux autorisations de canc\u00e9rologie afin de permettre une prise en soins gradu\u00e9e sur la zone de soins de proximit\u00e9 de Valence. Le bilan initial du cancer est ainsi effectu\u00e9 au niveau du premier recours (consultation ORL, bilan initial par endoscopie sous anesth\u00e9sie&hellip;"}