

{"version":"1.0","provider_name":"Gestions hospitali\u00e8res","provider_url":"https:\/\/www.ricom-web8.com\/gestions","author_name":"yann Le Sager","author_url":"https:\/\/www.ricom-web8.com\/gestions\/author\/lesager-yannstudioricom-com\/","title":"Une m\u00e9decine personnalis\u00e9e tourn\u00e9e vers l\u2019\u00e9thique - Gestions hospitali\u00e8res","type":"rich","width":600,"height":338,"html":"<blockquote class=\"wp-embedded-content\" data-secret=\"It7dX5g4QB\"><a href=\"https:\/\/www.ricom-web8.com\/gestions\/une-medecine-personnalisee-tournee-vers-lethique\/\">Une m\u00e9decine personnalis\u00e9e tourn\u00e9e vers l\u2019\u00e9thique<\/a><\/blockquote><iframe sandbox=\"allow-scripts\" security=\"restricted\" src=\"https:\/\/www.ricom-web8.com\/gestions\/une-medecine-personnalisee-tournee-vers-lethique\/embed\/#?secret=It7dX5g4QB\" width=\"600\" height=\"338\" title=\"\u00ab\u00a0Une m\u00e9decine personnalis\u00e9e tourn\u00e9e vers l\u2019\u00e9thique\u00a0\u00bb &#8212; Gestions hospitali\u00e8res\" data-secret=\"It7dX5g4QB\" frameborder=\"0\" marginwidth=\"0\" marginheight=\"0\" scrolling=\"no\" class=\"wp-embedded-content\"><\/iframe><script type=\"text\/javascript\">\n\/* <![CDATA[ *\/\n\/*! This file is auto-generated *\/\n!function(d,l){\"use strict\";l.querySelector&&d.addEventListener&&\"undefined\"!=typeof URL&&(d.wp=d.wp||{},d.wp.receiveEmbedMessage||(d.wp.receiveEmbedMessage=function(e){var t=e.data;if((t||t.secret||t.message||t.value)&&!\/[^a-zA-Z0-9]\/.test(t.secret)){for(var s,r,n,a=l.querySelectorAll('iframe[data-secret=\"'+t.secret+'\"]'),o=l.querySelectorAll('blockquote[data-secret=\"'+t.secret+'\"]'),c=new RegExp(\"^https?:$\",\"i\"),i=0;i<o.length;i++)o[i].style.display=\"none\";for(i=0;i<a.length;i++)s=a[i],e.source===s.contentWindow&&(s.removeAttribute(\"style\"),\"height\"===t.message?(1e3<(r=parseInt(t.value,10))?r=1e3:~~r<200&&(r=200),s.height=r):\"link\"===t.message&&(r=new URL(s.getAttribute(\"src\")),n=new URL(t.value),c.test(n.protocol))&&n.host===r.host&&l.activeElement===s&&(d.top.location.href=t.value))}},d.addEventListener(\"message\",d.wp.receiveEmbedMessage,!1),l.addEventListener(\"DOMContentLoaded\",function(){for(var e,t,s=l.querySelectorAll(\"iframe.wp-embedded-content\"),r=0;r<s.length;r++)(t=(e=s[r]).getAttribute(\"data-secret\"))||(t=Math.random().toString(36).substring(2,12),e.src+=\"#?secret=\"+t,e.setAttribute(\"data-secret\",t)),e.contentWindow.postMessage({message:\"ready\",secret:t},\"*\")},!1)))}(window,document);\n\/* ]]> *\/\n<\/script>\n","description":"\ufeffQuelle approche \u00e9thique est la mieux adapt\u00e9e pour outiller les professionnels et les d\u00e9cideurs de sant\u00e9 dans leur analyse des limites moralement acceptables des r\u00e9glementations visant \u00e0 cr\u00e9er des environnements sains ou des strat\u00e9gies de modifications comportementales ? Quelles sont les valeurs phares qui guident non pas les agissements des citoyens, mais l\u2019\u00e9valuation faite par les acteurs participants \u00e0 la discussion \u00e9thique de l\u2019acceptabilit\u00e9 de ces actions, en l\u2019occurrence les crit\u00e8res de jugement. C\u2019est sur cette base de questionnement que les auteurs cherchent \u00e0 poser les fondements d\u2019une \u00e9thique propre \u00e0 la relation m\u00e9decin\/malade ; une m\u00e9decine personnalis\u00e9e fond\u00e9e sur une mod\u00e9lisation d\u2019analyse \u00e9thique, une valorisation du management et une auto\u00e9valuation de l\u2019acte m\u00e9dical repr\u00e9sentant un bon moyen d\u2019ouverture, d\u2019am\u00e9lioration des performances via la meilleure diffusion du savoir-faire du professionnel de sant\u00e9 et le d\u00e9veloppement de son autonomie."}