

{"version":"1.0","provider_name":"Gestions hospitali\u00e8res","provider_url":"https:\/\/www.ricom-web8.com\/gestions","author_name":"yann Le Sager","author_url":"https:\/\/www.ricom-web8.com\/gestions\/author\/lesager-yannstudioricom-com\/","title":"Vers un partenariat interhospitalier - Gestions hospitali\u00e8res","type":"rich","width":600,"height":338,"html":"<blockquote class=\"wp-embedded-content\" data-secret=\"MlFfn2Ucy9\"><a href=\"https:\/\/www.ricom-web8.com\/gestions\/vers-un-partenariat-interhospitalier\/\">Vers un partenariat interhospitalier<\/a><\/blockquote><iframe sandbox=\"allow-scripts\" security=\"restricted\" src=\"https:\/\/www.ricom-web8.com\/gestions\/vers-un-partenariat-interhospitalier\/embed\/#?secret=MlFfn2Ucy9\" width=\"600\" height=\"338\" title=\"\u00ab\u00a0Vers un partenariat interhospitalier\u00a0\u00bb &#8212; Gestions hospitali\u00e8res\" data-secret=\"MlFfn2Ucy9\" frameborder=\"0\" marginwidth=\"0\" marginheight=\"0\" scrolling=\"no\" class=\"wp-embedded-content\"><\/iframe><script type=\"text\/javascript\">\n\/* <![CDATA[ *\/\n\/*! This file is auto-generated *\/\n!function(d,l){\"use strict\";l.querySelector&&d.addEventListener&&\"undefined\"!=typeof URL&&(d.wp=d.wp||{},d.wp.receiveEmbedMessage||(d.wp.receiveEmbedMessage=function(e){var t=e.data;if((t||t.secret||t.message||t.value)&&!\/[^a-zA-Z0-9]\/.test(t.secret)){for(var s,r,n,a=l.querySelectorAll('iframe[data-secret=\"'+t.secret+'\"]'),o=l.querySelectorAll('blockquote[data-secret=\"'+t.secret+'\"]'),c=new RegExp(\"^https?:$\",\"i\"),i=0;i<o.length;i++)o[i].style.display=\"none\";for(i=0;i<a.length;i++)s=a[i],e.source===s.contentWindow&&(s.removeAttribute(\"style\"),\"height\"===t.message?(1e3<(r=parseInt(t.value,10))?r=1e3:~~r<200&&(r=200),s.height=r):\"link\"===t.message&&(r=new URL(s.getAttribute(\"src\")),n=new URL(t.value),c.test(n.protocol))&&n.host===r.host&&l.activeElement===s&&(d.top.location.href=t.value))}},d.addEventListener(\"message\",d.wp.receiveEmbedMessage,!1),l.addEventListener(\"DOMContentLoaded\",function(){for(var e,t,s=l.querySelectorAll(\"iframe.wp-embedded-content\"),r=0;r<s.length;r++)(t=(e=s[r]).getAttribute(\"data-secret\"))||(t=Math.random().toString(36).substring(2,12),e.src+=\"#?secret=\"+t,e.setAttribute(\"data-secret\",t)),e.contentWindow.postMessage({message:\"ready\",secret:t},\"*\")},!1)))}(window,document);\n\/* ]]> *\/\n<\/script>\n","description":"Cet article est le r\u00e9sultat des trois missions humanitaires au Vietnam engag\u00e9es par l\u2019Association Sant\u00e9 Vietnam Dordogne \u2013 en partenariat avec le centre hospitalier de P\u00e9rigueux \u2013 destin\u00e9es \u00e0 venir en aide sur le plan ophtalmologique \u00e0 la population d\u00e9favoris\u00e9e et des rencontres avec plusieurs directeurs d\u2019h\u00f4pital, plus sp\u00e9cialement avec la classe de formation des directeurs d\u2019h\u00f4pital au Vietnam en septembre\u202f2013, pilot\u00e9e par l\u2019\u00c9cole des hautes \u00e9tudes en sant\u00e9 publique de Rennes. Par ailleurs, des \u00e9changes constructifs avec diff\u00e9rents responsables de l\u2019universit\u00e9 de m\u00e9decine de Pham Ngoc Thach, \u00e0 Ho Chi Minh Ville, ont permis d\u2019enrichir son contenu."}