

{"version":"1.0","provider_name":"Gestions hospitali\u00e8res","provider_url":"https:\/\/www.ricom-web8.com\/gestions","author_name":"yann Le Sager","author_url":"https:\/\/www.ricom-web8.com\/gestions\/author\/lesager-yannstudioricom-com\/","title":"Violence et institution psychiatrique - Gestions hospitali\u00e8res","type":"rich","width":600,"height":338,"html":"<blockquote class=\"wp-embedded-content\" data-secret=\"3WVNME3wwU\"><a href=\"https:\/\/www.ricom-web8.com\/gestions\/violence-et-institution-psychiatrique\/\">Violence et institution psychiatrique<\/a><\/blockquote><iframe sandbox=\"allow-scripts\" security=\"restricted\" src=\"https:\/\/www.ricom-web8.com\/gestions\/violence-et-institution-psychiatrique\/embed\/#?secret=3WVNME3wwU\" width=\"600\" height=\"338\" title=\"\u00ab\u00a0Violence et institution psychiatrique\u00a0\u00bb &#8212; Gestions hospitali\u00e8res\" data-secret=\"3WVNME3wwU\" frameborder=\"0\" marginwidth=\"0\" marginheight=\"0\" scrolling=\"no\" class=\"wp-embedded-content\"><\/iframe><script type=\"text\/javascript\">\n\/* <![CDATA[ *\/\n\/*! This file is auto-generated *\/\n!function(d,l){\"use strict\";l.querySelector&&d.addEventListener&&\"undefined\"!=typeof URL&&(d.wp=d.wp||{},d.wp.receiveEmbedMessage||(d.wp.receiveEmbedMessage=function(e){var t=e.data;if((t||t.secret||t.message||t.value)&&!\/[^a-zA-Z0-9]\/.test(t.secret)){for(var s,r,n,a=l.querySelectorAll('iframe[data-secret=\"'+t.secret+'\"]'),o=l.querySelectorAll('blockquote[data-secret=\"'+t.secret+'\"]'),c=new RegExp(\"^https?:$\",\"i\"),i=0;i<o.length;i++)o[i].style.display=\"none\";for(i=0;i<a.length;i++)s=a[i],e.source===s.contentWindow&&(s.removeAttribute(\"style\"),\"height\"===t.message?(1e3<(r=parseInt(t.value,10))?r=1e3:~~r<200&&(r=200),s.height=r):\"link\"===t.message&&(r=new URL(s.getAttribute(\"src\")),n=new URL(t.value),c.test(n.protocol))&&n.host===r.host&&l.activeElement===s&&(d.top.location.href=t.value))}},d.addEventListener(\"message\",d.wp.receiveEmbedMessage,!1),l.addEventListener(\"DOMContentLoaded\",function(){for(var e,t,s=l.querySelectorAll(\"iframe.wp-embedded-content\"),r=0;r<s.length;r++)(t=(e=s[r]).getAttribute(\"data-secret\"))||(t=Math.random().toString(36).substring(2,12),e.src+=\"#?secret=\"+t,e.setAttribute(\"data-secret\",t)),e.contentWindow.postMessage({message:\"ready\",secret:t},\"*\")},!1)))}(window,document);\n\/* ]]> *\/\n<\/script>\n","thumbnail_url":"https:\/\/www.ricom-web8.com\/gestions\/wp-content\/uploads\/2012\/07\/Capture-d\u2019\u00e9cran-2016-12-27-\u00e0-11.58.15.png","thumbnail_width":200,"thumbnail_height":200,"description":"\ufeffLa violence au travail est devenue un v\u00e9ritable probl\u00e8me d\u2019actualit\u00e9. L\u2019h\u00f4pital, jusqu\u2019alors pr\u00e9serv\u00e9, car traditionnellement lieu prot\u00e9g\u00e9 des atteintes ext\u00e9rieures par une morale sociale, n\u2019est plus \u00e9pargn\u00e9. L\u2019h\u00f4pital psychiatrique para\u00eet \u00eatre dans ce sens le p\u00f4le le plus important et le th\u00e9\u00e2tre o\u00f9 se joue la plus grande proportion de violence. Les auteurs ont recherch\u00e9 la pr\u00e9valence et le contexte des comportements violents commis par les patients psychiatriques envers le personnel de soin de l\u2019h\u00f4pital Razi, en Tunisie."}