

{"version":"1.0","provider_name":"Gestions hospitali\u00e8res","provider_url":"https:\/\/www.ricom-web8.com\/gestions","author_name":"Gestions hospitali\u00e8res","author_url":"https:\/\/www.ricom-web8.com\/gestions\/author\/benjamin\/","title":"La violence dans les services d\u2019urgence - Gestions hospitali\u00e8res","type":"rich","width":600,"height":338,"html":"<blockquote class=\"wp-embedded-content\" data-secret=\"992ghpWFOg\"><a href=\"https:\/\/www.ricom-web8.com\/gestions\/violence-services-durgence\/\">La violence dans les services d\u2019urgence<\/a><\/blockquote><iframe sandbox=\"allow-scripts\" security=\"restricted\" src=\"https:\/\/www.ricom-web8.com\/gestions\/violence-services-durgence\/embed\/#?secret=992ghpWFOg\" width=\"600\" height=\"338\" title=\"\u00ab\u00a0La violence dans les services d\u2019urgence\u00a0\u00bb &#8212; Gestions hospitali\u00e8res\" data-secret=\"992ghpWFOg\" frameborder=\"0\" marginwidth=\"0\" marginheight=\"0\" scrolling=\"no\" class=\"wp-embedded-content\"><\/iframe><script type=\"text\/javascript\">\n\/* <![CDATA[ *\/\n\/*! This file is auto-generated *\/\n!function(d,l){\"use strict\";l.querySelector&&d.addEventListener&&\"undefined\"!=typeof URL&&(d.wp=d.wp||{},d.wp.receiveEmbedMessage||(d.wp.receiveEmbedMessage=function(e){var t=e.data;if((t||t.secret||t.message||t.value)&&!\/[^a-zA-Z0-9]\/.test(t.secret)){for(var s,r,n,a=l.querySelectorAll('iframe[data-secret=\"'+t.secret+'\"]'),o=l.querySelectorAll('blockquote[data-secret=\"'+t.secret+'\"]'),c=new RegExp(\"^https?:$\",\"i\"),i=0;i<o.length;i++)o[i].style.display=\"none\";for(i=0;i<a.length;i++)s=a[i],e.source===s.contentWindow&&(s.removeAttribute(\"style\"),\"height\"===t.message?(1e3<(r=parseInt(t.value,10))?r=1e3:~~r<200&&(r=200),s.height=r):\"link\"===t.message&&(r=new URL(s.getAttribute(\"src\")),n=new URL(t.value),c.test(n.protocol))&&n.host===r.host&&l.activeElement===s&&(d.top.location.href=t.value))}},d.addEventListener(\"message\",d.wp.receiveEmbedMessage,!1),l.addEventListener(\"DOMContentLoaded\",function(){for(var e,t,s=l.querySelectorAll(\"iframe.wp-embedded-content\"),r=0;r<s.length;r++)(t=(e=s[r]).getAttribute(\"data-secret\"))||(t=Math.random().toString(36).substring(2,12),e.src+=\"#?secret=\"+t,e.setAttribute(\"data-secret\",t)),e.contentWindow.postMessage({message:\"ready\",secret:t},\"*\")},!1)))}(window,document);\n\/* ]]> *\/\n<\/script>\n","description":"La d\u00e9finition de la violence en 2002 par l\u2019Organisation mondiale de la sant\u00e9 (OMS) de la violence est \u00ab\u2009une atteinte \u00e0 l\u2019int\u00e9grit\u00e9 physique ou morale (possession, symbolique ou culturelle) d\u2019une personne\u2009\u00bb. Deux \u00e9chelles de gravit\u00e9 (une pour atteinte \u00e0 personne, 1\u2019autre pour atteinte aux biens) et quatre niveaux sont pr\u00e9cis\u00e9s dans le recueil des signalements (mis en place par l\u2019Observatoire) et calqu\u00e9es sur le code p\u00e9nal\u2009:\u00a0 niveau\u00a01\u2009: injures, insultes et&hellip;"}